{"id":9,"date":"2016-01-31T21:16:41","date_gmt":"2016-01-31T19:16:41","guid":{"rendered":"http:\/\/soitannollinenkerho.com\/wordpress\/wordpress\/?page_id=9"},"modified":"2026-01-26T12:04:18","modified_gmt":"2026-01-26T09:04:18","slug":"historia","status":"publish","type":"page","link":"http:\/\/soitannollinenkerho.com\/wordpress\/?page_id=9","title":{"rendered":"Historia"},"content":{"rendered":"<p>Suomessa oli vuosina 1929-1933 suuri pulakausi, jolloin elintaso laski ja ty\u00f6tt\u00f6myysluvut olivat korkeat. T\u00e4m\u00e4 n\u00e4kyi my\u00f6s musiikkiel\u00e4m\u00e4ss\u00e4 ja jo 20-luvulla alkanut innostus Amerikasta ja Saksasta l\u00e4ht\u00f6isin olevaan jazz-vaikutteiseen rytmi- ja tanssimusiikkiin katkesi pula-ajan vaikutuksesta.<\/p>\n<p class=\"paragraph\">Kirjassaan <i>Rytmin Voittokulku<\/i> tunnettu muusikko Olli H\u00e4me kirjoittaa mm. ett\u00e4 Turku, Tampere ja Viipuri olivat l\u00e4heisimmiss\u00e4 yhteyksiss\u00e4 p\u00e4\u00e4kaupungin tanssipiireihin ja niist\u00e4 erityisesti Turussa musiikki oli korkealla tasolla. Jo silloin tunnettiin, ett\u00e4 juuri Turku oli Suomen musiikkiel\u00e4m\u00e4n yksi keskeisimpi\u00e4 paikkoja.<\/p>\n<p class=\"paragraph\">Ei siis ollut mik\u00e4\u00e4n ihme, ett\u00e4 musiikkia harrastavat amat\u00f6\u00f6risoittajatkin alkoivat kaivata omaa j\u00e4rjest\u00f6\u00e4. Tuolloin talousasiat katsottiin t\u00e4rkeimmiksi. Sek\u00e4 ammattilaismuusikkojen ett\u00e4 musiikkia harrastavien tilanne oli synkk\u00e4. Ty\u00f6t\u00e4 tehtiin alipalkalla &#8211; mit\u00e4\u00e4n yhten\u00e4ist\u00e4 palkkanormia ei ollut olemassakaan.<\/p>\n<p class=\"paragraph\">Pula-ajan loppuaikoina turkulaisten amat\u00f6\u00f6risoittajien keskuudessa her\u00e4si ajatus oman yhdistyksen perustamisesta.<\/p>\n<p class=\"paragraph\"><img loading=\"lazy\" decoding=\"async\" class=\"alignnone wp-image-25 size-full\" src=\"http:\/\/soitannollinenkerho.com\/wordpress\/wp-content\/uploads\/2016\/01\/img_historia_kolmikko.jpg\" alt=\"img_historia_kolmikko\" width=\"355\" height=\"202\" srcset=\"http:\/\/soitannollinenkerho.com\/wordpress\/wp-content\/uploads\/2016\/01\/img_historia_kolmikko.jpg 355w, http:\/\/soitannollinenkerho.com\/wordpress\/wp-content\/uploads\/2016\/01\/img_historia_kolmikko-300x171.jpg 300w\" sizes=\"auto, (max-width: 355px) 100vw, 355px\" \/><\/p>\n<p class=\"paragraph\">T\u00e4t\u00e4 kolmikkoa voidaan pit\u00e4\u00e4 Turun Soitannollisen Kerhon perustamisajatuksen is\u00e4n\u00e4.<\/p>\n<p>Vas. <b>Eero Dahlman<\/b>, <b>Verneri Koivulehti<\/b> (ent. Bj\u00f6rkl\u00f6f) ja <b>Alpo L\u00e4\u00e4peri<\/b> pohtivat ensimm\u00e4isin\u00e4 turkulaisten muusikkojen ongelmia. Ja siit\u00e4 se ajatus sitten l\u00e4hti. N\u00e4iden musikanttien toimesta kutsuttiin kaikkia turkulaisia amat\u00f6\u00f6risoittajia saapumaan yhteiseen kokoukseen 23.4. 1934 klo 18.00 Kahvila Aromaan. Kokoukseen saapui 28 soitturia, jotka edustivat 12 eri tanssiorkesteria.<\/p>\n<p><img loading=\"lazy\" decoding=\"async\" class=\"alignnone wp-image-22 size-full\" src=\"http:\/\/soitannollinenkerho.com\/wordpress\/wp-content\/uploads\/2016\/01\/img_historia_antti_lahti.jpg\" alt=\"img_historia_antti_lahti\" width=\"150\" height=\"225\" \/><\/p>\n<p class=\"paragraph\">Turun Soitannollisen Kerhon syntyvaiheeseen nimettiin 28.5.1934 viisihenkinen toimikunta kehitt\u00e4m\u00e4\u00e4n kerhon perustamishanketta. Kokoonkutsujaksi nimettiin muusikko <b>Antti Lahti<\/b>(kuvassa), TSK:n j\u00e4sen numero 2.<\/p>\n<p>Lahti oli oikealta ammatiltaan parturi, joka soitti sivutoimenaan harmonikkaa ja komppasi siin\u00e4 ohessa itse\u00e4\u00e4n jalkak\u00e4ytt\u00f6isill\u00e4 rummuilla. Toisin sanoen h\u00e4n oli ns. komppihaitaristi. Toimikunnan muut j\u00e4senet olivat <b>Arvo Koskinen<\/b>, <b>Armas V\u00e4lim\u00e4ki<\/b>, <b>Kalle Rintala<\/b> ja <b>August Engstr\u00f6m<\/b>.<\/p>\n<p><img loading=\"lazy\" decoding=\"async\" class=\"alignnone wp-image-23 size-full\" src=\"http:\/\/soitannollinenkerho.com\/wordpress\/wp-content\/uploads\/2016\/01\/img_historia_ensimmainen_johtokunta.jpg\" alt=\"img_historia_ensimmainen_johtokunta\" width=\"452\" height=\"286\" srcset=\"http:\/\/soitannollinenkerho.com\/wordpress\/wp-content\/uploads\/2016\/01\/img_historia_ensimmainen_johtokunta.jpg 452w, http:\/\/soitannollinenkerho.com\/wordpress\/wp-content\/uploads\/2016\/01\/img_historia_ensimmainen_johtokunta-300x190.jpg 300w\" sizes=\"auto, (max-width: 452px) 100vw, 452px\" \/><\/p>\n<p class=\"paragraph\">Ensimm\u00e4inen johtokunta v. 1934:<\/p>\n<p>Vas. <b>Verneri Koivulahti<\/b>, <b>Arvo Koskinen<\/b>, <b>Urho Forssel<\/b>, <b>Atte Engstr\u00f6m<\/b> (rahastonhoitaja), <b>Erkki Heimo<\/b> ja <b>Eero Dahlman<\/b>. Edess\u00e4 istuvat vas. <b>Felix Vaha<\/b> ja puheenjohtaja <b>Antti Lahti<\/b>.<\/p>\n<p><img loading=\"lazy\" decoding=\"async\" class=\"alignnone wp-image-24 size-full\" src=\"http:\/\/soitannollinenkerho.com\/wordpress\/wp-content\/uploads\/2016\/01\/img_historia_kerhonlippu.jpg\" alt=\"img_historia_kerhonlippu\" width=\"382\" height=\"231\" srcset=\"http:\/\/soitannollinenkerho.com\/wordpress\/wp-content\/uploads\/2016\/01\/img_historia_kerhonlippu.jpg 382w, http:\/\/soitannollinenkerho.com\/wordpress\/wp-content\/uploads\/2016\/01\/img_historia_kerhonlippu-300x181.jpg 300w\" sizes=\"auto, (max-width: 382px) 100vw, 382px\" \/><\/p>\n<p class=\"paragraph\">TSK sai oman lipun lokakuussa 1984, jolloin kerho t\u00e4ytti 50 vuotta. Vasemmalta lipun suunnittelija <b>Lennart Heinoja<\/b>, kunniapuheenjohtaja <b>Leo Katajam\u00e4ki<\/b> sek\u00e4 puheenjohtaja <b>Pekka Varjonen<\/b>.<\/p>\n<h2 class=\"paragraph\"><strong>Taidepalkinto<\/strong><\/h2>\n<p class=\"paragraph\"><b>Turku antaa taidepalkinnon Turun Soitannolliselle Kerholle<\/b><\/p>\n<p class=\"paragraph\">Turun Soitannollinen Kerho saa kaupungin t\u00e4m\u00e4nvuotisen taidepalkinnon. Kulttuurilautakunta sai m\u00e4\u00e4r\u00e4aikaan &#8211; kes\u00e4kuun loppuun &#8211; menness\u00e4 15 ehdotusta ja teki ratkaisunsa keskiviikkoillan kokouksessa. Vuodesta 1984 l\u00e4htien jaettu vuotuinen palkinto on nyt suuruudeltaan 3 400 euroa.<\/p>\n<p class=\"paragraph\"><img loading=\"lazy\" decoding=\"async\" class=\"alignnone wp-image-26 size-full\" src=\"http:\/\/soitannollinenkerho.com\/wordpress\/wp-content\/uploads\/2016\/01\/img_historia_pekkajaaulis.jpg\" alt=\"img_historia_pekkajaaulis\" width=\"242\" height=\"160\" \/><\/p>\n<p class=\"paragraph_caption_14\">Tutut pihasoittajat <b>Aulis Kotaviita<\/b> (vas.) ja <b>Pekka Varjonen<\/b> ovat esiintyneet vuosien mittaan lukemattomia kertoja yhdess\u00e4.<\/p>\n<p class=\"paragraph\"><b>Kiitos el\u00e4m\u00e4nty\u00f6st\u00e4<\/b><\/p>\n<p class=\"paragraph\">Taidepalkinnon perusteluissa sanotaan, ett\u00e4 se voidaan my\u00f6nt\u00e4\u00e4 &#8221;erityisen ansioituneelle turkulaiselle taiteilijalle, taiteilijaryhm\u00e4lle tai taideyhteis\u00f6lle joko senhetkisest\u00e4 merkitt\u00e4v\u00e4st\u00e4 saavutuksesta tai kiitoksena el\u00e4m\u00e4nty\u00f6st\u00e4&#8221;. Nyt palkittavan yhdistyksen kohdalla on ep\u00e4ilem\u00e4tt\u00e4 kysymys el\u00e4m\u00e4nty\u00f6st\u00e4. Turun Soitannollinen Kerho tunnetaan mm. pihasoittotempauksistaan, joilla on ker\u00e4tty varoja hyv\u00e4ntekev\u00e4isyyteen jo 30 vuoden aikana.<\/p>\n<p class=\"paragraph\">&#8211; T\u00e4m\u00e4 on meille tavattoman merkitt\u00e4v\u00e4 tunnustus, sanoi kerhon kunniapuheenjohtaja Pekka Varjonen kuultuaan illalla kesken kerhonsa hallituksen kokouksen lautakunnan p\u00e4\u00e4t\u00f6ksest\u00e4.<\/p>\n<p>&#8211; Ihan rahallisestikin t\u00e4m\u00e4 tulee tarpeeseen, koska emme t\u00e4n\u00e4 vuonna saaneet kaupungin toiminta-avustusta &#8211; pihasoittoon ja yhteislaulutilaisuuksiin kyll\u00e4kin.<\/p>\n<p class=\"paragraph\"><b>Veteraanit kulkevat yh\u00e4<\/b><\/p>\n<p class=\"paragraph\">Pekka Varjonen kulkee harmonikkoineen yh\u00e4 mukana tempauksissa. Viimeksi eilen h\u00e4n oli toisen veteraanin Aulis Kotaviidan, viimevuotisen palkitun, kanssa esiintym\u00e4ss\u00e4 el\u00e4kel\u00e4isille. My\u00f6s sairaaloissa ja vanhain-kodeissa kerhon muusikot ovat vuosien mittaan tulleet tutuiksi.<\/p>\n<p>&#8211; Seuraava tempauksemme kokoaa lokakuussa (19.10.2003) kansaa VPK:n talolle muistelemaan kahta loistavaa taiteilijaa, Laila Kinnusta ja Olavi Virtaa, Pekka Varjonen kertoo.<\/p>\n<p class=\"paragraph\"><b>Monen lajin taiteilijoita<\/b><\/p>\n<p class=\"paragraph\">Vuodesta 1984 my\u00f6nnetyn palkinnon ovat aikaisemmin saaneet: taidemaalari Kauko Lehtinen, s\u00e4velt\u00e4j\u00e4 Matti &#8221;Rag&#8221; Paananen, lavastaja Juha Lukala, s\u00e4velt\u00e4j\u00e4 Gottfried Gr\u00e4sbeck, musiikinopettaja Anna-Maija Sillanp\u00e4\u00e4, sisustusarkkitehti Carin Bryggman, kirjailija Anni Polva, n\u00e4yttelij\u00e4 Esko Pesonen, Turun lapsi- ja nuorisoteatteri r.y., kuvataiteilija Osmo Laine, kulttuurivaikuttaja Tapani Maskula, arkkitehtiryhm\u00e4 Ola Laiho, Mikko Pulkkinen ja Ilpo Raunio, sellotaiteilija Timo Hanhinen, valokuvaaja Per-Olof Welin, teatterineuvos Aulis Ruostepuro, kuvataiteilija Markku Kosonen, n\u00e4yttelij\u00e4 Heikki Alho ja dir. mus. Aulis Kotaviita.<\/p>\n<p class=\"paragraph\">T\u00e4m\u00e4nkertainen palkinto luovutetaan Soitannolliselle Kerholle perinteiseen tapaan Turun p\u00e4iv\u00e4n\u00e4, 21. syyskuuta todenn\u00e4k\u00f6isesti Turun Kauppatorilla.<\/p>\n<hr align=\"left\" noshade=\"noshade\" size=\"1\" width=\"50%\" \/>\n<p class=\"paragraph_caption_14\">Turun Sanomat 4.9.2003<br \/>\nKulttuuri<\/p>\n<p><strong>TSK RY 90 VUOTTA<\/strong><\/p>\n<p>Yhdistyksen perustamisesta tuli 90 vuotta ja sen juhlinta aloitettiin menestyksekk\u00e4\u00e4sti 19.10.2024 t\u00e4p\u00f6t\u00e4ydess\u00e4 Ruusukorttelin juhlasalissa. Ja TSK 90 vuotta juhlakonsertti 1 sai jatkoa kun sen rekister\u00f6imisp\u00e4iv\u00e4st\u00e4 tuli 90 vuotta 9.2.2025. Tuolloin Turun VPK:n talolla oli \u201dTSK 90 vuotta juhlakonsertti, osa 2.<\/p>\n","protected":false},"excerpt":{"rendered":"<p>Suomessa oli vuosina 1929-1933 suuri pulakausi, jolloin elintaso laski ja ty\u00f6tt\u00f6myysluvut olivat korkeat. T\u00e4m\u00e4 n\u00e4kyi my\u00f6s musiikkiel\u00e4m\u00e4ss\u00e4 ja jo 20-luvulla alkanut innostus Amerikasta ja Saksasta l\u00e4ht\u00f6isin olevaan jazz-vaikutteiseen rytmi- ja [&hellip;]<\/p>\n","protected":false},"author":1,"featured_media":0,"parent":0,"menu_order":0,"comment_status":"closed","ping_status":"closed","template":"","meta":{"footnotes":""},"class_list":["post-9","page","type-page","status-publish","czr-hentry"],"_links":{"self":[{"href":"http:\/\/soitannollinenkerho.com\/wordpress\/index.php?rest_route=\/wp\/v2\/pages\/9","targetHints":{"allow":["GET"]}}],"collection":[{"href":"http:\/\/soitannollinenkerho.com\/wordpress\/index.php?rest_route=\/wp\/v2\/pages"}],"about":[{"href":"http:\/\/soitannollinenkerho.com\/wordpress\/index.php?rest_route=\/wp\/v2\/types\/page"}],"author":[{"embeddable":true,"href":"http:\/\/soitannollinenkerho.com\/wordpress\/index.php?rest_route=\/wp\/v2\/users\/1"}],"replies":[{"embeddable":true,"href":"http:\/\/soitannollinenkerho.com\/wordpress\/index.php?rest_route=%2Fwp%2Fv2%2Fcomments&post=9"}],"version-history":[{"count":12,"href":"http:\/\/soitannollinenkerho.com\/wordpress\/index.php?rest_route=\/wp\/v2\/pages\/9\/revisions"}],"predecessor-version":[{"id":2506,"href":"http:\/\/soitannollinenkerho.com\/wordpress\/index.php?rest_route=\/wp\/v2\/pages\/9\/revisions\/2506"}],"wp:attachment":[{"href":"http:\/\/soitannollinenkerho.com\/wordpress\/index.php?rest_route=%2Fwp%2Fv2%2Fmedia&parent=9"}],"curies":[{"name":"wp","href":"https:\/\/api.w.org\/{rel}","templated":true}]}}